{"id":487,"date":"2018-12-11T21:13:31","date_gmt":"2018-12-11T20:13:31","guid":{"rendered":"http:\/\/acfoi.com\/?page_id=487"},"modified":"2018-12-11T21:13:31","modified_gmt":"2018-12-11T20:13:31","slug":"formation-sante-et-securite-au-travail","status":"publish","type":"page","link":"https:\/\/acfoi.com\/index.php\/formation\/hygiene-qualite-securite-environnement-2\/formation-sante-et-securite-au-travail\/","title":{"rendered":"Formation Sant\u00e9 et S\u00e9curit\u00e9 au travail"},"content":{"rendered":"<h4>Objectifs<\/h4>\n<ul>\n<li>Evaluer vos besoins en mati\u00e8re de management de la s\u00e9curit\u00e9 au travail<\/li>\n<li>Identifier les principaux risques<\/li>\n<li>Organiser la mise en place de votre syst\u00e8me de management de la s\u00e9curit\u00e9<\/li>\n<\/ul>\n<h4>Public<\/h4>\n<ul>\n<li>Responsable s\u00e9curit\u00e9, qualit\u00e9, maintenance, production, Direction, et tout autre cadre de l\u2019entreprise ayant des connaissances de base sur les principes de management de la s\u00e9curit\u00e9<\/li>\n<\/ul>\n<h4>M\u00e9thode p\u00e9dagogique<\/h4>\n<ul>\n<li>M\u00e9thode fond\u00e9e sur une dynamique interactive reliant les connaissances, les comp\u00e9tences et les objectifs de performances qui sont sp\u00e9cifiques aux r\u00e9sultats attendus de la formation,<\/li>\n<li>Des \u00e9changes entre le formateur et les personnes \u00e0 former permettent d&rsquo;appr\u00e9hender la notion de s\u00e9curit\u00e9 et son application<\/li>\n<li>Appropriation des contenus de formation par des mises en situation sur des cas en entreprise<\/li>\n<li>Les cours alternent entre une partie th\u00e9orique 60% et une partie pratique 40% sous forme d\u2019exercice pratique.<\/li>\n<\/ul>\n<h4 style=\"text-align: left;\" align=\"center\">Programme de formation<\/h4>\n<ul>\n<li>Pourquoi mettre en place un Syst\u00e8me de management de la s\u00e9curit\u00e9<\/li>\n<li>Les principes<\/li>\n<li>Le cadre r\u00e8glementaire\n<ul>\n<li>La pr\u00e9vention au centre du syst\u00e8me<\/li>\n<\/ul>\n<\/li>\n<li>Le management de la s\u00e9curit\u00e9 :<\/li>\n<li>La strat\u00e9gie :\n<ul>\n<li>Politique, engagements, responsabilit\u00e9s, objectifs<\/li>\n<\/ul>\n<\/li>\n<\/ul>\n<ul>\n<li style=\"list-style-type: none;\"><\/li>\n<\/ul>\n<ol start=\"7\">\n<li>Le pilotage :<\/li>\n<\/ol>\n<ul>\n<li style=\"list-style-type: none;\">\n<ul>\n<li>Risques significatifs<\/li>\n<li>Exigences l\u00e9gales &amp; autres<\/li>\n<li>Objectifs &amp; cibles<\/li>\n<li>Programmes<\/li>\n<\/ul>\n<\/li>\n<\/ul>\n<p>Planification, formation, communication, participation, gestion documentaire<\/p>\n<ol start=\"8\">\n<li>La mise en \u0153uvre :<\/li>\n<\/ol>\n<ul>\n<li style=\"list-style-type: none;\">\n<ul>\n<li>Structure &amp; responsabilit\u00e9s<\/li>\n<li>Formation &amp; comp\u00e9tence<\/li>\n<li>Communication<\/li>\n<li>Documentation<\/li>\n<li>Ma\u00eetrise Op\u00e9rationnelle<\/li>\n<li>Entreprises ext\u00e9rieures<\/li>\n<li>Pr\u00e9paration aux situations d\u2019urgence<\/li>\n<\/ul>\n<\/li>\n<\/ul>\n<p>Identification des risques, d\u00e9finition des mesures de pr\u00e9vention, gestion de crise<\/p>\n<ol start=\"9\">\n<li>Le contr\u00f4le et la surveillance :<\/li>\n<\/ol>\n<ul>\n<li style=\"list-style-type: none;\">\n<ul>\n<li>Tableau de bord<\/li>\n<li>Dysfonctionnements et accidents<\/li>\n<li>Enregistrements<\/li>\n<li>Audits<\/li>\n<\/ul>\n<\/li>\n<\/ul>\n<p>Visites s\u00e9curit\u00e9, Enqu\u00eates incidents\/ accidents<\/p>\n<p>L\u2019\u00e9valuation des performances et l\u2019am\u00e9lioration continue :<\/p>\n<p>Retours d\u2019exp\u00e9rience, actions correctives et pr\u00e9ventives, gestion des changements<\/p>\n<ol start=\"10\">\n<li>III \u2013Exemples de r\u00e9f\u00e9rentiels :<\/li>\n<li>(ISO 45001)<\/li>\n<\/ol>\n<ol start=\"12\">\n<li>IV \u2013 Evaluation de la formation<\/li>\n<\/ol>\n<p>Dur\u00e9e et tarifs<\/p>\n<p>Inter-entreprises\u00a0:<\/p>\n<p>38 \u20ac HT\/heure\/personne<\/p>\n<p>2 jours<\/p>\n","protected":false},"excerpt":{"rendered":"<p>Objectifs Evaluer vos besoins en mati\u00e8re de management de la s\u00e9curit\u00e9 au travail Identifier les principaux risques Organiser la mise en place de votre syst\u00e8me de management de la s\u00e9curit\u00e9 Public Responsable s\u00e9curit\u00e9, qualit\u00e9, maintenance, production, Direction, et tout autre cadre de l\u2019entreprise ayant des connaissances de base sur les principes de management de la&hellip;&nbsp;<a href=\"https:\/\/acfoi.com\/index.php\/formation\/hygiene-qualite-securite-environnement-2\/formation-sante-et-securite-au-travail\/\" rel=\"bookmark\">Lire la suite &raquo;<span class=\"screen-reader-text\">Formation Sant\u00e9 et S\u00e9curit\u00e9 au travail<\/span><\/a><\/p>\n","protected":false},"author":1,"featured_media":0,"parent":430,"menu_order":0,"comment_status":"closed","ping_status":"closed","template":"","meta":{"neve_meta_sidebar":"","neve_meta_container":"","neve_meta_enable_content_width":"","neve_meta_content_width":70,"neve_meta_title_alignment":"","neve_meta_author_avatar":"","neve_post_elements_order":"","neve_meta_disable_header":"","neve_meta_disable_footer":"","neve_meta_disable_title":"","footnotes":""},"class_list":["post-487","page","type-page","status-publish","hentry"],"_links":{"self":[{"href":"https:\/\/acfoi.com\/index.php\/wp-json\/wp\/v2\/pages\/487","targetHints":{"allow":["GET"]}}],"collection":[{"href":"https:\/\/acfoi.com\/index.php\/wp-json\/wp\/v2\/pages"}],"about":[{"href":"https:\/\/acfoi.com\/index.php\/wp-json\/wp\/v2\/types\/page"}],"author":[{"embeddable":true,"href":"https:\/\/acfoi.com\/index.php\/wp-json\/wp\/v2\/users\/1"}],"replies":[{"embeddable":true,"href":"https:\/\/acfoi.com\/index.php\/wp-json\/wp\/v2\/comments?post=487"}],"version-history":[{"count":1,"href":"https:\/\/acfoi.com\/index.php\/wp-json\/wp\/v2\/pages\/487\/revisions"}],"predecessor-version":[{"id":488,"href":"https:\/\/acfoi.com\/index.php\/wp-json\/wp\/v2\/pages\/487\/revisions\/488"}],"up":[{"embeddable":true,"href":"https:\/\/acfoi.com\/index.php\/wp-json\/wp\/v2\/pages\/430"}],"wp:attachment":[{"href":"https:\/\/acfoi.com\/index.php\/wp-json\/wp\/v2\/media?parent=487"}],"curies":[{"name":"wp","href":"https:\/\/api.w.org\/{rel}","templated":true}]}}